{"id":5950,"date":"2024-09-19T15:01:01","date_gmt":"2024-09-19T12:01:01","guid":{"rendered":"https:\/\/petityu.com\/uv-gunes-korumali-sapka-upf50-laci-turuncu-mavi-kopekbaligi-sapka-4-8-yas\/"},"modified":"2026-03-26T15:58:08","modified_gmt":"2026-03-26T12:58:08","slug":"uv-gunes-korumali-sapka-upf50-laci-turuncu-mavi-kopekbaligi-sapka-4-8-yas","status":"publish","type":"product","link":"https:\/\/petityu.com\/en\/uv-gunes-korumali-sapka-upf50-laci-turuncu-mavi-kopekbaligi-sapka-4-8-yas\/","title":{"rendered":"Uv G\u00fcne\u015f Korumal\u0131 \u015eapka \u2013 Upf50 Laci Turuncu Mavi Kopekbaligi \u015eapka 4-8 Ya\u015f"},"content":{"rendered":"<p><p>Bu UV korumal\u0131 \u015fapka, \u00e7ocuklar\u0131n g\u00fcne\u015f alt\u0131nda oynarken g\u00fcne\u015fin zararl\u0131 UV \u0131\u015f\u0131nlar\u0131na kar\u015f\u0131 korunmas\u0131n\u0131 sa\u011flar. UPF50 fakt\u00f6r\u00fc ile y\u00fcksek koruma sunar, b\u00f6ylece \u00e7ocuklar\u0131n y\u00fczleri ve sa\u00e7lar\u0131 g\u00fcne\u015ften gelen ultraviyole \u0131\u015f\u0131nlar\u0131na maruz kalmaz. Lacivert turuncu mavi renklerdeki bu \u015fapka, hem stil sahibi g\u00f6r\u00fcn\u00fcm\u00fcyle hem de UPF50 korumas\u0131yla dikkat \u00e7eker. 4 ila 8 ya\u015f aras\u0131 t\u00fcm \u00e7ocuklara uygun tasarlanm\u0131\u015ft\u0131r ve onlar\u0131n y\u00fczlerini g\u00fcne\u015ften korurken ayn\u0131 zamanda e\u011flenceli bir aksesuar olarak da kullan\u0131labilir.;<\/p><\/p>","protected":false},"excerpt":{"rendered":"<p>Bu UV korumal\u0131 \u015fapka, \u00e7ocuklar\u0131n g\u00fcne\u015f alt\u0131nda oynarken g\u00fcne\u015fin zararl\u0131 UV \u0131\u015f\u0131nlar\u0131na kar\u015f\u0131 korunmas\u0131n\u0131 sa\u011flar. UPF50 fakt\u00f6r\u00fc ile y\u00fcksek koruma sunar, b\u00f6ylece \u00e7ocuklar\u0131n y\u00fczleri ve&hellip;<\/p>","protected":false},"featured_media":5948,"template":"","meta":[],"product_brand":[],"product_cat":[15,936,996],"product_tag":[],"class_list":{"0":"post-5950","1":"product","2":"type-product","3":"status-publish","4":"has-post-thumbnail","6":"product_cat-genel","7":"product_cat-erkekcocuk","8":"product_cat-sapka-erkekcocuk","10":"first","11":"instock","12":"taxable","13":"shipping-taxable","14":"purchasable","15":"product-type-simple"},"_links":{"self":[{"href":"https:\/\/petityu.com\/en\/wp-json\/wp\/v2\/product\/5950","targetHints":{"allow":["GET"]}}],"collection":[{"href":"https:\/\/petityu.com\/en\/wp-json\/wp\/v2\/product"}],"about":[{"href":"https:\/\/petityu.com\/en\/wp-json\/wp\/v2\/types\/product"}],"wp:featuredmedia":[{"embeddable":true,"href":"https:\/\/petityu.com\/en\/wp-json\/wp\/v2\/media\/5948"}],"wp:attachment":[{"href":"https:\/\/petityu.com\/en\/wp-json\/wp\/v2\/media?parent=5950"}],"wp:term":[{"taxonomy":"product_brand","embeddable":true,"href":"https:\/\/petityu.com\/en\/wp-json\/wp\/v2\/product_brand?post=5950"},{"taxonomy":"product_cat","embeddable":true,"href":"https:\/\/petityu.com\/en\/wp-json\/wp\/v2\/product_cat?post=5950"},{"taxonomy":"product_tag","embeddable":true,"href":"https:\/\/petityu.com\/en\/wp-json\/wp\/v2\/product_tag?post=5950"}],"curies":[{"name":"wp","href":"https:\/\/api.w.org\/{rel}","templated":true}]}}